{"id":5722,"date":"2024-11-10T18:35:04","date_gmt":"2024-11-10T18:35:04","guid":{"rendered":"https:\/\/missglobeinternational.org\/?page_id=5722"},"modified":"2025-02-15T07:33:25","modified_gmt":"2025-02-15T07:33:25","slug":"our-team-2","status":"publish","type":"page","link":"https:\/\/missglobeinternational.org\/index.php\/our-team-2\/","title":{"rendered":"Our Team"},"content":{"rendered":"\t\t<div data-elementor-type=\"wp-page\" data-elementor-id=\"5722\" class=\"elementor elementor-5722\">\n\t\t\t\t\t\t<section class=\"elementor-section elementor-top-section elementor-element elementor-element-54ec428 elementor-section-full_width qodef-elementor-content-grid elementor-section-height-default elementor-section-height-default\" data-id=\"54ec428\" data-element_type=\"section\">\n\t\t\t\t\t\t<div class=\"elementor-container elementor-column-gap-default\">\n\t\t\t\t\t<div class=\"elementor-column elementor-col-100 elementor-top-column elementor-element elementor-element-41947ca\" data-id=\"41947ca\" data-element_type=\"column\">\n\t\t\t<div class=\"elementor-widget-wrap\">\n\t\t\t\t\t\t\t<\/div>\n\t\t<\/div>\n\t\t\t\t\t<\/div>\n\t\t<\/section>\n\t\t\t\t<section class=\"elementor-section elementor-top-section elementor-element elementor-element-34c194d elementor-section-full_width qodef-elementor-content-grid elementor-section-height-default elementor-section-height-default\" data-id=\"34c194d\" data-element_type=\"section\" data-settings=\"{&quot;background_background&quot;:&quot;slideshow&quot;,&quot;background_slideshow_gallery&quot;:[],&quot;background_slideshow_loop&quot;:&quot;yes&quot;,&quot;background_slideshow_slide_duration&quot;:5000,&quot;background_slideshow_slide_transition&quot;:&quot;fade&quot;,&quot;background_slideshow_transition_duration&quot;:500}\">\n\t\t\t\t\t\t<div class=\"elementor-container elementor-column-gap-default\">\n\t\t\t\t\t<div class=\"elementor-column elementor-col-100 elementor-top-column elementor-element elementor-element-4efed4c\" data-id=\"4efed4c\" data-element_type=\"column\">\n\t\t\t<div class=\"elementor-widget-wrap elementor-element-populated\">\n\t\t\t\t\t\t<div class=\"elementor-element elementor-element-342a3c6 elementor-widget elementor-widget-eona_core_section_title\" data-id=\"342a3c6\" data-element_type=\"widget\" data-widget_type=\"eona_core_section_title.default\">\n\t\t\t\t<div class=\"elementor-widget-container\">\n\t\t\t\t\t<div class=\"qodef-shortcode qodef-m  qodef-section-title qodef-alignment--left    \">\n    \t<h6 class=\"qodef-m-caption\" >\n        Professionals\t<\/h6>\n\t<h1 class=\"qodef-m-title\"  >\n                    OUR PROFESSIONAL TEAM            <\/h1>\n    \t<span class=\"qodef-m-subtitle\" >\n        Miss Globe Organization - Our Global Headquarters Directors\t<\/span>\n    \t<div class=\"qodef-m-separator\" ><\/div>\n\t    <\/div>\t\t\t\t<\/div>\n\t\t\t\t<\/div>\n\t\t\t\t<div class=\"elementor-element elementor-element-f348512 elementor-widget elementor-widget-eona_core_team_list\" data-id=\"f348512\" data-element_type=\"widget\" data-widget_type=\"eona_core_team_list.default\">\n\t\t\t\t<div class=\"elementor-widget-container\">\n\t\t\t\t\t<div class=\"qodef-shortcode qodef-m  qodef-team-list qodef-item-layout--info-on-hover qodef-grid qodef-layout--columns  qodef-gutter--tiny qodef-col-num--3   qodef-item-layout--info-on-hover  qodef-slider-navigation--off qodef-slider-pagination--off   qodef-responsive--predefined\" data-options=\"{&quot;plugin&quot;:&quot;eona_core&quot;,&quot;module&quot;:&quot;post-types\\\/team\\\/shortcodes&quot;,&quot;shortcode&quot;:&quot;team-list&quot;,&quot;post_type&quot;:&quot;team&quot;,&quot;next_page&quot;:&quot;2&quot;,&quot;max_pages_num&quot;:0,&quot;behavior&quot;:&quot;columns&quot;,&quot;images_proportion&quot;:&quot;full&quot;,&quot;columns&quot;:&quot;3&quot;,&quot;space&quot;:&quot;tiny&quot;,&quot;columns_responsive&quot;:&quot;predefined&quot;,&quot;posts_per_page&quot;:&quot;-1&quot;,&quot;orderby&quot;:&quot;date&quot;,&quot;order&quot;:&quot;DESC&quot;,&quot;additional_params&quot;:&quot;id&quot;,&quot;post_ids&quot;:&quot;6446,7315,7378,7331,7317,7318,7319,7320,7316,7329,7325,7322&quot;,&quot;layout&quot;:&quot;info-on-hover&quot;,&quot;title_tag&quot;:&quot;h4&quot;,&quot;object_class_name&quot;:&quot;EonaCoreTeamListShortcode&quot;,&quot;additional_query_args&quot;:{&quot;orderby&quot;:&quot;post__in&quot;,&quot;post__in&quot;:[&quot;6446&quot;,&quot;7315&quot;,&quot;7378&quot;,&quot;7331&quot;,&quot;7317&quot;,&quot;7318&quot;,&quot;7319&quot;,&quot;7320&quot;,&quot;7316&quot;,&quot;7329&quot;,&quot;7325&quot;,&quot;7322&quot;]},&quot;item_classes&quot;:&quot;qodef-e qodef-grid-item&quot;,&quot;space_value&quot;:5}\">\n\t<div class=\"qodef-grid-inner clear\">\n\t\t<div class=\"qodef-e qodef-grid-item\">\n\t<div class=\"qodef-e-inner\">\n\t\t<div class=\"qodef-e-image\">\n\t\t\t\t<div class=\"qodef-e-media-image\">\n\t\t\t\t\t<img fetchpriority=\"high\" decoding=\"async\" width=\"1500\" height=\"1517\" src=\"https:\/\/missglobeinternational.org\/wp-content\/uploads\/2025\/02\/Rasim-Aydin-Owner-of-the-Miss-Globe-Organization-s.jpg\" class=\"attachment-full size-full wp-post-image\" alt=\"\" srcset=\"https:\/\/missglobeinternational.org\/wp-content\/uploads\/2025\/02\/Rasim-Aydin-Owner-of-the-Miss-Globe-Organization-s.jpg 1500w, https:\/\/missglobeinternational.org\/wp-content\/uploads\/2025\/02\/Rasim-Aydin-Owner-of-the-Miss-Globe-Organization-s-297x300.jpg 297w, https:\/\/missglobeinternational.org\/wp-content\/uploads\/2025\/02\/Rasim-Aydin-Owner-of-the-Miss-Globe-Organization-s-1013x1024.jpg 1013w, https:\/\/missglobeinternational.org\/wp-content\/uploads\/2025\/02\/Rasim-Aydin-Owner-of-the-Miss-Globe-Organization-s-768x777.jpg 768w\" sizes=\"(max-width: 1500px) 100vw, 1500px\" \/>\t\t\t<\/div>\n\t\t<\/div>\n\t\t<div class=\"qodef-e-content\">\n            <h4 itemprop=\"name\" class=\"qodef-e-title entry-title\" >\n\t\t\tRasim Ayd\u0131n\t<\/h4>\t\t\t\t<p class=\"qodef-e-role\">Owner of the Miss Globe Organization's.<\/p>\n\t\t\t\t\t\t\t<div class=\"qodef-team-member-social-icons\">\n\t\t            \t\t\t<\/div>\n\t\t<\/div>\n\t<\/div>\n<\/div><div class=\"qodef-e qodef-grid-item\">\n\t<div class=\"qodef-e-inner\">\n\t\t<div class=\"qodef-e-image\">\n\t\t\t\t<div class=\"qodef-e-media-image\">\n\t\t\t\t\t<img decoding=\"async\" width=\"1500\" height=\"1517\" src=\"https:\/\/missglobeinternational.org\/wp-content\/uploads\/2025\/02\/Burcu-Aydin-General-Director-of-the-Miss-Globe-Organization-s.jpg\" class=\"attachment-full size-full wp-post-image\" alt=\"\" srcset=\"https:\/\/missglobeinternational.org\/wp-content\/uploads\/2025\/02\/Burcu-Aydin-General-Director-of-the-Miss-Globe-Organization-s.jpg 1500w, https:\/\/missglobeinternational.org\/wp-content\/uploads\/2025\/02\/Burcu-Aydin-General-Director-of-the-Miss-Globe-Organization-s-297x300.jpg 297w, https:\/\/missglobeinternational.org\/wp-content\/uploads\/2025\/02\/Burcu-Aydin-General-Director-of-the-Miss-Globe-Organization-s-1013x1024.jpg 1013w, https:\/\/missglobeinternational.org\/wp-content\/uploads\/2025\/02\/Burcu-Aydin-General-Director-of-the-Miss-Globe-Organization-s-768x777.jpg 768w\" sizes=\"(max-width: 1500px) 100vw, 1500px\" \/>\t\t\t<\/div>\n\t\t<\/div>\n\t\t<div class=\"qodef-e-content\">\n            <h4 itemprop=\"name\" class=\"qodef-e-title entry-title\" >\n\t\t\tBURCU AYDIN\t<\/h4>\t\t\t\t<p class=\"qodef-e-role\">General Director of the Miss Globe Organization's<\/p>\n\t\t\t\t\t\t\t<div class=\"qodef-team-member-social-icons\">\n\t\t\t\t\t<\/div>\n\t\t<\/div>\n\t<\/div>\n<\/div><div class=\"qodef-e qodef-grid-item\">\n\t<div class=\"qodef-e-inner\">\n\t\t<div class=\"qodef-e-image\">\n\t\t\t\t<div class=\"qodef-e-media-image\">\n\t\t\t\t\t<img decoding=\"async\" width=\"1500\" height=\"1517\" src=\"https:\/\/missglobeinternational.org\/wp-content\/uploads\/2025\/02\/Chief\u2013Lawyer\u2013of\u2013the-Miss\u2013Globe\u2013Organization-ss.jpg\" class=\"attachment-full size-full wp-post-image\" alt=\"\" srcset=\"https:\/\/missglobeinternational.org\/wp-content\/uploads\/2025\/02\/Chief\u2013Lawyer\u2013of\u2013the-Miss\u2013Globe\u2013Organization-ss.jpg 1500w, https:\/\/missglobeinternational.org\/wp-content\/uploads\/2025\/02\/Chief\u2013Lawyer\u2013of\u2013the-Miss\u2013Globe\u2013Organization-ss-297x300.jpg 297w, https:\/\/missglobeinternational.org\/wp-content\/uploads\/2025\/02\/Chief\u2013Lawyer\u2013of\u2013the-Miss\u2013Globe\u2013Organization-ss-1013x1024.jpg 1013w, https:\/\/missglobeinternational.org\/wp-content\/uploads\/2025\/02\/Chief\u2013Lawyer\u2013of\u2013the-Miss\u2013Globe\u2013Organization-ss-768x777.jpg 768w\" sizes=\"(max-width: 1500px) 100vw, 1500px\" \/>\t\t\t<\/div>\n\t\t<\/div>\n\t\t<div class=\"qodef-e-content\">\n            <h4 itemprop=\"name\" class=\"qodef-e-title entry-title\" >\n\t\t\t\u0130SKENDER UYGUNBA\u015e\t<\/h4>\t\t\t\t<p class=\"qodef-e-role\">Chief Lawyer of Miss Globe Organization's<\/p>\n\t\t\t\t\t\t\t<div class=\"qodef-team-member-social-icons\">\n\t\t                    <a class=\"qodef-team-member-social-icon\" href=\"https:\/\/www.facebook.com\/iskender.ejder\" target=\"_blank\">\n                        <span class=\"qodef-icon-font-awesome fab fa-facebook-square\" ><\/span>                    <\/a>\n                            \t\t\t\t\t<\/div>\n\t\t<\/div>\n\t<\/div>\n<\/div><div class=\"qodef-e qodef-grid-item\">\n\t<div class=\"qodef-e-inner\">\n\t\t<div class=\"qodef-e-image\">\n\t\t\t\t<div class=\"qodef-e-media-image\">\n\t\t\t\t\t<img loading=\"lazy\" decoding=\"async\" width=\"1500\" height=\"1517\" src=\"https:\/\/missglobeinternational.org\/wp-content\/uploads\/2025\/02\/tolga-Korkmaz-Franchise-Director-of-the-Miss-Globe-Organization-s.jpg\" class=\"attachment-full size-full wp-post-image\" alt=\"\" srcset=\"https:\/\/missglobeinternational.org\/wp-content\/uploads\/2025\/02\/tolga-Korkmaz-Franchise-Director-of-the-Miss-Globe-Organization-s.jpg 1500w, https:\/\/missglobeinternational.org\/wp-content\/uploads\/2025\/02\/tolga-Korkmaz-Franchise-Director-of-the-Miss-Globe-Organization-s-297x300.jpg 297w, https:\/\/missglobeinternational.org\/wp-content\/uploads\/2025\/02\/tolga-Korkmaz-Franchise-Director-of-the-Miss-Globe-Organization-s-1013x1024.jpg 1013w, https:\/\/missglobeinternational.org\/wp-content\/uploads\/2025\/02\/tolga-Korkmaz-Franchise-Director-of-the-Miss-Globe-Organization-s-768x777.jpg 768w\" sizes=\"(max-width: 1500px) 100vw, 1500px\" \/>\t\t\t<\/div>\n\t\t<\/div>\n\t\t<div class=\"qodef-e-content\">\n            <h4 itemprop=\"name\" class=\"qodef-e-title entry-title\" >\n\t\t\tTOLGA KORKMAZ\t<\/h4>\t\t\t\t<p class=\"qodef-e-role\">Franchise Director of the Miss Globe Organization's.<\/p>\n\t\t\t\t\t\t\t\t<\/div>\n\t<\/div>\n<\/div><div class=\"qodef-e qodef-grid-item\">\n\t<div class=\"qodef-e-inner\">\n\t\t<div class=\"qodef-e-image\">\n\t\t\t\t<div class=\"qodef-e-media-image\">\n\t\t\t\t\t<img loading=\"lazy\" decoding=\"async\" width=\"1500\" height=\"1517\" src=\"https:\/\/missglobeinternational.org\/wp-content\/uploads\/2025\/02\/Ferhan\u2013Aral\u2013Official\u2013Choreographer\u2013of\u2013the\u2013Miss\u2013Globe\u2013Organization.jpg\" class=\"attachment-full size-full wp-post-image\" alt=\"\" srcset=\"https:\/\/missglobeinternational.org\/wp-content\/uploads\/2025\/02\/Ferhan\u2013Aral\u2013Official\u2013Choreographer\u2013of\u2013the\u2013Miss\u2013Globe\u2013Organization.jpg 1500w, https:\/\/missglobeinternational.org\/wp-content\/uploads\/2025\/02\/Ferhan\u2013Aral\u2013Official\u2013Choreographer\u2013of\u2013the\u2013Miss\u2013Globe\u2013Organization-297x300.jpg 297w, https:\/\/missglobeinternational.org\/wp-content\/uploads\/2025\/02\/Ferhan\u2013Aral\u2013Official\u2013Choreographer\u2013of\u2013the\u2013Miss\u2013Globe\u2013Organization-1013x1024.jpg 1013w, https:\/\/missglobeinternational.org\/wp-content\/uploads\/2025\/02\/Ferhan\u2013Aral\u2013Official\u2013Choreographer\u2013of\u2013the\u2013Miss\u2013Globe\u2013Organization-768x777.jpg 768w\" sizes=\"(max-width: 1500px) 100vw, 1500px\" \/>\t\t\t<\/div>\n\t\t<\/div>\n\t\t<div class=\"qodef-e-content\">\n            <h4 itemprop=\"name\" class=\"qodef-e-title entry-title\" >\n\t\t\tFERHAN ARAL\t<\/h4>\t\t\t\t<p class=\"qodef-e-role\">Official Choreographer of the Miss Globe Organization<\/p>\n\t\t\t\t\t\t\t<div class=\"qodef-team-member-social-icons\">\n\t\t                    <a class=\"qodef-team-member-social-icon\" href=\"https:\/\/www.instagram.com\/ferhanaral\/\" target=\"_blank\">\n                        <span class=\"qodef-icon-font-awesome fab fa-facebook-f\" ><\/span>                    <\/a>\n                            \t\t            \t\t\t<\/div>\n\t\t<\/div>\n\t<\/div>\n<\/div><div class=\"qodef-e qodef-grid-item\">\n\t<div class=\"qodef-e-inner\">\n\t\t<div class=\"qodef-e-image\">\n\t\t\t\t<div class=\"qodef-e-media-image\">\n\t\t\t\t\t<img loading=\"lazy\" decoding=\"async\" width=\"1500\" height=\"1517\" src=\"https:\/\/missglobeinternational.org\/wp-content\/uploads\/2025\/02\/Erdal\u2013Dincer\u2013Official\u2013Backstage-director\u2013of\u2013the\u2013Miss\u2013Globe\u2013Organization.jpg\" class=\"attachment-full size-full wp-post-image\" alt=\"\" srcset=\"https:\/\/missglobeinternational.org\/wp-content\/uploads\/2025\/02\/Erdal\u2013Dincer\u2013Official\u2013Backstage-director\u2013of\u2013the\u2013Miss\u2013Globe\u2013Organization.jpg 1500w, https:\/\/missglobeinternational.org\/wp-content\/uploads\/2025\/02\/Erdal\u2013Dincer\u2013Official\u2013Backstage-director\u2013of\u2013the\u2013Miss\u2013Globe\u2013Organization-297x300.jpg 297w, https:\/\/missglobeinternational.org\/wp-content\/uploads\/2025\/02\/Erdal\u2013Dincer\u2013Official\u2013Backstage-director\u2013of\u2013the\u2013Miss\u2013Globe\u2013Organization-1013x1024.jpg 1013w, https:\/\/missglobeinternational.org\/wp-content\/uploads\/2025\/02\/Erdal\u2013Dincer\u2013Official\u2013Backstage-director\u2013of\u2013the\u2013Miss\u2013Globe\u2013Organization-768x777.jpg 768w\" sizes=\"(max-width: 1500px) 100vw, 1500px\" \/>\t\t\t<\/div>\n\t\t<\/div>\n\t\t<div class=\"qodef-e-content\">\n            <h4 itemprop=\"name\" class=\"qodef-e-title entry-title\" >\n\t\t\tERDAL D\u0130N\u00c7ER\t<\/h4>\t\t\t\t<p class=\"qodef-e-role\">Official Backstage Director of the Miss GlobeOrganization's<\/p>\n\t\t\t\t\t\t\t<div class=\"qodef-team-member-social-icons\">\n\t\t                    <a class=\"qodef-team-member-social-icon\" href=\"https:\/\/www.instagram.com\/erdal_dincer61\/\" target=\"_blank\">\n                        <span class=\"qodef-icon-font-awesome fab fa-instagram\" ><\/span>                    <\/a>\n                            \t\t                    <a class=\"qodef-team-member-social-icon\" href=\"https:\/\/www.facebook.com\/erdal.dincer2\" target=\"_blank\">\n                        <span class=\"qodef-icon-font-awesome fab fa-facebook\" ><\/span>                    <\/a>\n                            \t\t\t<\/div>\n\t\t<\/div>\n\t<\/div>\n<\/div><div class=\"qodef-e qodef-grid-item\">\n\t<div class=\"qodef-e-inner\">\n\t\t<div class=\"qodef-e-image\">\n\t\t\t\t<div class=\"qodef-e-media-image\">\n\t\t\t\t\t<img loading=\"lazy\" decoding=\"async\" width=\"1500\" height=\"1517\" src=\"https:\/\/missglobeinternational.org\/wp-content\/uploads\/2025\/02\/Onur\u2013Hazar\u2013Official\u2013styling\u2013of\u2013the\u2013Miss\u2013Globe\u2013Organization.jpg\" class=\"attachment-full size-full wp-post-image\" alt=\"\" srcset=\"https:\/\/missglobeinternational.org\/wp-content\/uploads\/2025\/02\/Onur\u2013Hazar\u2013Official\u2013styling\u2013of\u2013the\u2013Miss\u2013Globe\u2013Organization.jpg 1500w, https:\/\/missglobeinternational.org\/wp-content\/uploads\/2025\/02\/Onur\u2013Hazar\u2013Official\u2013styling\u2013of\u2013the\u2013Miss\u2013Globe\u2013Organization-297x300.jpg 297w, https:\/\/missglobeinternational.org\/wp-content\/uploads\/2025\/02\/Onur\u2013Hazar\u2013Official\u2013styling\u2013of\u2013the\u2013Miss\u2013Globe\u2013Organization-1013x1024.jpg 1013w, https:\/\/missglobeinternational.org\/wp-content\/uploads\/2025\/02\/Onur\u2013Hazar\u2013Official\u2013styling\u2013of\u2013the\u2013Miss\u2013Globe\u2013Organization-768x777.jpg 768w\" sizes=\"(max-width: 1500px) 100vw, 1500px\" \/>\t\t\t<\/div>\n\t\t<\/div>\n\t\t<div class=\"qodef-e-content\">\n            <h4 itemprop=\"name\" class=\"qodef-e-title entry-title\" >\n\t\t\tONUR HAZAR\t<\/h4>\t\t\t\t<p class=\"qodef-e-role\">Official Styling of the Miss Globe Organization's<\/p>\n\t\t\t\t\t\t\t<div class=\"qodef-team-member-social-icons\">\n\t\t                    <a class=\"qodef-team-member-social-icon\" href=\"https:\/\/www.instagram.com\/onurhazar\/\" target=\"_blank\">\n                        <span class=\"qodef-icon-font-awesome fab fa-instagram\" ><\/span>                    <\/a>\n                            \t\t                    <a class=\"qodef-team-member-social-icon\" href=\"https:\/\/www.facebook.com\/hazaronur\" target=\"_blank\">\n                        <span class=\"qodef-icon-font-awesome fab fa-facebook\" ><\/span>                    <\/a>\n                            \t\t\t<\/div>\n\t\t<\/div>\n\t<\/div>\n<\/div><div class=\"qodef-e qodef-grid-item\">\n\t<div class=\"qodef-e-inner\">\n\t\t<div class=\"qodef-e-image\">\n\t\t\t\t<div class=\"qodef-e-media-image\">\n\t\t\t\t\t<img loading=\"lazy\" decoding=\"async\" width=\"1500\" height=\"1517\" src=\"https:\/\/missglobeinternational.org\/wp-content\/uploads\/2025\/02\/Gokmen-Turkoglu\u2013Director-of-Latin-America-of-the-Miss-Globe-Organization-s.jpg\" class=\"attachment-full size-full wp-post-image\" alt=\"\" srcset=\"https:\/\/missglobeinternational.org\/wp-content\/uploads\/2025\/02\/Gokmen-Turkoglu\u2013Director-of-Latin-America-of-the-Miss-Globe-Organization-s.jpg 1500w, https:\/\/missglobeinternational.org\/wp-content\/uploads\/2025\/02\/Gokmen-Turkoglu\u2013Director-of-Latin-America-of-the-Miss-Globe-Organization-s-297x300.jpg 297w, https:\/\/missglobeinternational.org\/wp-content\/uploads\/2025\/02\/Gokmen-Turkoglu\u2013Director-of-Latin-America-of-the-Miss-Globe-Organization-s-1013x1024.jpg 1013w, https:\/\/missglobeinternational.org\/wp-content\/uploads\/2025\/02\/Gokmen-Turkoglu\u2013Director-of-Latin-America-of-the-Miss-Globe-Organization-s-768x777.jpg 768w\" sizes=\"(max-width: 1500px) 100vw, 1500px\" \/>\t\t\t<\/div>\n\t\t<\/div>\n\t\t<div class=\"qodef-e-content\">\n            <h4 itemprop=\"name\" class=\"qodef-e-title entry-title\" >\n\t\t\tG\u00d6KMEN T\u00dcRKO\u011eLU\t<\/h4>\t\t\t\t<p class=\"qodef-e-role\">IT Director of the Miss Globe Organization's<\/p>\n\t\t\t\t\t\t\t<div class=\"qodef-team-member-social-icons\">\n\t\t\t\t\t<\/div>\n\t\t<\/div>\n\t<\/div>\n<\/div><div class=\"qodef-e qodef-grid-item\">\n\t<div class=\"qodef-e-inner\">\n\t\t<div class=\"qodef-e-image\">\n\t\t\t\t<div class=\"qodef-e-media-image\">\n\t\t\t\t\t<img loading=\"lazy\" decoding=\"async\" width=\"1500\" height=\"1517\" src=\"https:\/\/missglobeinternational.org\/wp-content\/uploads\/2025\/02\/Huseyin-Dulay-Director-of-Finance-of-the-Miss-Globe-Organization-s.jpg\" class=\"attachment-full size-full wp-post-image\" alt=\"\" srcset=\"https:\/\/missglobeinternational.org\/wp-content\/uploads\/2025\/02\/Huseyin-Dulay-Director-of-Finance-of-the-Miss-Globe-Organization-s.jpg 1500w, https:\/\/missglobeinternational.org\/wp-content\/uploads\/2025\/02\/Huseyin-Dulay-Director-of-Finance-of-the-Miss-Globe-Organization-s-297x300.jpg 297w, https:\/\/missglobeinternational.org\/wp-content\/uploads\/2025\/02\/Huseyin-Dulay-Director-of-Finance-of-the-Miss-Globe-Organization-s-1013x1024.jpg 1013w, https:\/\/missglobeinternational.org\/wp-content\/uploads\/2025\/02\/Huseyin-Dulay-Director-of-Finance-of-the-Miss-Globe-Organization-s-768x777.jpg 768w\" sizes=\"(max-width: 1500px) 100vw, 1500px\" \/>\t\t\t<\/div>\n\t\t<\/div>\n\t\t<div class=\"qodef-e-content\">\n            <h4 itemprop=\"name\" class=\"qodef-e-title entry-title\" >\n\t\t\tH\u00dcSEY\u0130N DULAY\t<\/h4>\t\t\t\t<p class=\"qodef-e-role\">Director of Finance of the Miss Globe Organization's<\/p>\n\t\t\t\t\t\t\t<div class=\"qodef-team-member-social-icons\">\n\t\t            \t\t            \t\t\t<\/div>\n\t\t<\/div>\n\t<\/div>\n<\/div><div class=\"qodef-e qodef-grid-item\">\n\t<div class=\"qodef-e-inner\">\n\t\t<div class=\"qodef-e-image\">\n\t\t\t\t<div class=\"qodef-e-media-image\">\n\t\t\t\t\t<img loading=\"lazy\" decoding=\"async\" width=\"1500\" height=\"1517\" src=\"https:\/\/missglobeinternational.org\/wp-content\/uploads\/2025\/02\/Canan-Ertek-Accountant-Director-of-the-Miss-Globe-Organizations.jpg\" class=\"attachment-full size-full wp-post-image\" alt=\"\" srcset=\"https:\/\/missglobeinternational.org\/wp-content\/uploads\/2025\/02\/Canan-Ertek-Accountant-Director-of-the-Miss-Globe-Organizations.jpg 1500w, https:\/\/missglobeinternational.org\/wp-content\/uploads\/2025\/02\/Canan-Ertek-Accountant-Director-of-the-Miss-Globe-Organizations-297x300.jpg 297w, https:\/\/missglobeinternational.org\/wp-content\/uploads\/2025\/02\/Canan-Ertek-Accountant-Director-of-the-Miss-Globe-Organizations-1013x1024.jpg 1013w, https:\/\/missglobeinternational.org\/wp-content\/uploads\/2025\/02\/Canan-Ertek-Accountant-Director-of-the-Miss-Globe-Organizations-768x777.jpg 768w\" sizes=\"(max-width: 1500px) 100vw, 1500px\" \/>\t\t\t<\/div>\n\t\t<\/div>\n\t\t<div class=\"qodef-e-content\">\n            <h4 itemprop=\"name\" class=\"qodef-e-title entry-title\" >\n\t\t\tCANAN ERTEK\t<\/h4>\t\t\t\t<p class=\"qodef-e-role\">Accountant Director of the Miss Globe Organization\u2019s<\/p>\n\t\t\t\t\t\t\t\t<\/div>\n\t<\/div>\n<\/div><div class=\"qodef-e qodef-grid-item\">\n\t<div class=\"qodef-e-inner\">\n\t\t<div class=\"qodef-e-image\">\n\t\t\t\t<div class=\"qodef-e-media-image\">\n\t\t\t\t\t<img loading=\"lazy\" decoding=\"async\" width=\"1500\" height=\"1517\" src=\"https:\/\/missglobeinternational.org\/wp-content\/uploads\/2025\/02\/Goktug\u2013Hazar-Business-Development-Director-of-the-Miss-Globe-Organization-s.jpg\" class=\"attachment-full size-full wp-post-image\" alt=\"\" srcset=\"https:\/\/missglobeinternational.org\/wp-content\/uploads\/2025\/02\/Goktug\u2013Hazar-Business-Development-Director-of-the-Miss-Globe-Organization-s.jpg 1500w, https:\/\/missglobeinternational.org\/wp-content\/uploads\/2025\/02\/Goktug\u2013Hazar-Business-Development-Director-of-the-Miss-Globe-Organization-s-297x300.jpg 297w, https:\/\/missglobeinternational.org\/wp-content\/uploads\/2025\/02\/Goktug\u2013Hazar-Business-Development-Director-of-the-Miss-Globe-Organization-s-1013x1024.jpg 1013w, https:\/\/missglobeinternational.org\/wp-content\/uploads\/2025\/02\/Goktug\u2013Hazar-Business-Development-Director-of-the-Miss-Globe-Organization-s-768x777.jpg 768w\" sizes=\"(max-width: 1500px) 100vw, 1500px\" \/>\t\t\t<\/div>\n\t\t<\/div>\n\t\t<div class=\"qodef-e-content\">\n            <h4 itemprop=\"name\" class=\"qodef-e-title entry-title\" >\n\t\t\tG\u00d6KTU\u011e HAZAR\t<\/h4>\t\t\t\t<p class=\"qodef-e-role\">Business Development Director of the Miss Globe Organization's <\/p>\n\t\t\t\t\t\t\t<div class=\"qodef-team-member-social-icons\">\n\t\t                    <a class=\"qodef-team-member-social-icon\" href=\"https:\/\/www.instagram.com\/goktukhazar\/\" target=\"_blank\">\n                        <span class=\"qodef-icon-simple-line-icons icon-social-instagram\" ><\/span>                    <\/a>\n                            \t\t                    <a class=\"qodef-team-member-social-icon\" href=\"https:\/\/www.facebook.com\/profile.php?id=61573693074484\" target=\"_blank\">\n                        <span class=\"qodef-icon-simple-line-icons icon-social-facebook\" ><\/span>                    <\/a>\n                            \t\t\t<\/div>\n\t\t<\/div>\n\t<\/div>\n<\/div><div class=\"qodef-e qodef-grid-item\">\n\t<div class=\"qodef-e-inner\">\n\t\t<div class=\"qodef-e-image\">\n\t\t\t\t<div class=\"qodef-e-media-image\">\n\t\t\t\t\t<img loading=\"lazy\" decoding=\"async\" width=\"1500\" height=\"1517\" src=\"https:\/\/missglobeinternational.org\/wp-content\/uploads\/2025\/02\/Nico-Bora-Director-of-Latin-America-of-the-Miss-Globe-Organization-s.jpg\" class=\"attachment-full size-full wp-post-image\" alt=\"\" srcset=\"https:\/\/missglobeinternational.org\/wp-content\/uploads\/2025\/02\/Nico-Bora-Director-of-Latin-America-of-the-Miss-Globe-Organization-s.jpg 1500w, https:\/\/missglobeinternational.org\/wp-content\/uploads\/2025\/02\/Nico-Bora-Director-of-Latin-America-of-the-Miss-Globe-Organization-s-297x300.jpg 297w, https:\/\/missglobeinternational.org\/wp-content\/uploads\/2025\/02\/Nico-Bora-Director-of-Latin-America-of-the-Miss-Globe-Organization-s-1013x1024.jpg 1013w, https:\/\/missglobeinternational.org\/wp-content\/uploads\/2025\/02\/Nico-Bora-Director-of-Latin-America-of-the-Miss-Globe-Organization-s-768x777.jpg 768w\" sizes=\"(max-width: 1500px) 100vw, 1500px\" \/>\t\t\t<\/div>\n\t\t<\/div>\n\t\t<div class=\"qodef-e-content\">\n            <h4 itemprop=\"name\" class=\"qodef-e-title entry-title\" >\n\t\t\tNICO BORA\t<\/h4>\t\t\t\t<p class=\"qodef-e-role\">Official Director of the Miss Globe Organization for Latin America<\/p>\n\t\t\t\t\t\t\t<div class=\"qodef-team-member-social-icons\">\n\t\t                    <a class=\"qodef-team-member-social-icon\" href=\"https:\/\/www.instagram.com\/nico_bora1\/\" target=\"_blank\">\n                        <span class=\"qodef-icon-font-awesome fab fa-instagram\" ><\/span>                    <\/a>\n                            \t\t                    <a class=\"qodef-team-member-social-icon\" href=\"https:\/\/www.facebook.com\/nico.bora.7\" target=\"_blank\">\n                        <span class=\"qodef-icon-font-awesome fab fa-facebook-square\" ><\/span>                    <\/a>\n                            \t\t\t<\/div>\n\t\t<\/div>\n\t<\/div>\n<\/div>\t<\/div>\n<\/div>\t\t\t\t<\/div>\n\t\t\t\t<\/div>\n\t\t\t\t\t<\/div>\n\t\t<\/div>\n\t\t\t\t\t<\/div>\n\t\t<\/section>\n\t\t\t\t<section class=\"elementor-section elementor-top-section elementor-element elementor-element-06638f4 elementor-section-full_width qodef-elementor-content-grid elementor-section-height-default elementor-section-height-default\" data-id=\"06638f4\" data-element_type=\"section\">\n\t\t\t\t\t\t<div class=\"elementor-container elementor-column-gap-no\">\n\t\t\t\t\t<div class=\"elementor-column elementor-col-100 elementor-top-column elementor-element elementor-element-1ff8423\" data-id=\"1ff8423\" data-element_type=\"column\">\n\t\t\t<div class=\"elementor-widget-wrap elementor-element-populated\">\n\t\t\t\t\t\t<div class=\"elementor-element elementor-element-4340e8b elementor-widget elementor-widget-eona_core_call_to_action\" data-id=\"4340e8b\" data-element_type=\"widget\" data-widget_type=\"eona_core_call_to_action.default\">\n\t\t\t\t<div class=\"elementor-widget-container\">\n\t\t\t\t\t<div class=\"qodef-shortcode qodef-m  qodef-call-to-action qodef-layout--standard qodef-style--custom\" style=\"padding: 0px 70px 0px 66px\">\n\t<div class=\"qodef-m-inner\">\n\t\t\t<div class=\"qodef-m-content\"><h2 class=\"elementor-heading-title elementor-size-default elementor-inline-editing pen\" contenteditable=\"true\" data-elementor-setting-key=\"title\" data-pen-placeholder=\"Type Here...\">IF YOU LIKE OUR WORK, SUBSCRIBE!<\/h2><\/div>\n\t\t\t<div class=\"qodef-m-button\">\n\t\t<a class=\"qodef-shortcode qodef-m  qodef-button qodef-layout--outlined  qodef-html--link\" href=\"https:\/\/eona.qodeinteractive.com\/shop\/\" target=\"_self\"  >\t<span class=\"qodef-m-text\">shop now<\/span><\/a>\t<\/div>\n\t<\/div>\n<\/div>\t\t\t\t<\/div>\n\t\t\t\t<\/div>\n\t\t\t\t\t<\/div>\n\t\t<\/div>\n\t\t\t\t\t<\/div>\n\t\t<\/section>\n\t\t<div class=\"elementor-element elementor-element-01a3818 e-flex e-con-boxed e-con e-parent\" data-id=\"01a3818\" data-element_type=\"container\">\n\t\t\t\t\t<div class=\"e-con-inner\">\n\t\t\t\t<div class=\"elementor-element elementor-element-7431271 elementor-widget elementor-widget-image\" data-id=\"7431271\" data-element_type=\"widget\" data-widget_type=\"image.default\">\n\t\t\t\t<div class=\"elementor-widget-container\">\n\t\t\t\t\t\t\t\t\t\t\t\t\t\t\t<img decoding=\"async\" src=\"https:\/\/missglobeinternational.org\/wp-content\/plugins\/elementor\/assets\/images\/placeholder.png\" title=\"\" alt=\"\" loading=\"lazy\" \/>\t\t\t\t\t\t\t\t\t\t\t\t\t\t\t<\/div>\n\t\t\t\t<\/div>\n\t\t\t\t\t<\/div>\n\t\t\t\t<\/div>\n\t\t\t\t<\/div>\n\t\t","protected":false},"excerpt":{"rendered":"<p>Professionals OUR PROFESSIONAL TEAM Miss Globe Organization &#8211; Our Global Headquarters Directors Rasim Ayd\u0131n Owner of the Miss Globe Organization&#8217;s. BURCU AYDIN General Director of the Miss Globe Organization&#8217;s NONAME TOLGA KORKMAZ Franchise Director of the Miss Globe Organization&#8217;s. FERHAN ARAL Official Choreographer of the Miss Globe Organization ERDAL D\u0130N\u00c7ER Official Backstage Director of the [&hellip;]<\/p>\n","protected":false},"author":1,"featured_media":0,"parent":0,"menu_order":0,"comment_status":"closed","ping_status":"closed","template":"page-full-width.php","meta":{"footnotes":""},"class_list":["post-5722","page","type-page","status-publish","hentry"],"_links":{"self":[{"href":"https:\/\/missglobeinternational.org\/index.php\/wp-json\/wp\/v2\/pages\/5722","targetHints":{"allow":["GET"]}}],"collection":[{"href":"https:\/\/missglobeinternational.org\/index.php\/wp-json\/wp\/v2\/pages"}],"about":[{"href":"https:\/\/missglobeinternational.org\/index.php\/wp-json\/wp\/v2\/types\/page"}],"author":[{"embeddable":true,"href":"https:\/\/missglobeinternational.org\/index.php\/wp-json\/wp\/v2\/users\/1"}],"replies":[{"embeddable":true,"href":"https:\/\/missglobeinternational.org\/index.php\/wp-json\/wp\/v2\/comments?post=5722"}],"version-history":[{"count":16,"href":"https:\/\/missglobeinternational.org\/index.php\/wp-json\/wp\/v2\/pages\/5722\/revisions"}],"predecessor-version":[{"id":7387,"href":"https:\/\/missglobeinternational.org\/index.php\/wp-json\/wp\/v2\/pages\/5722\/revisions\/7387"}],"wp:attachment":[{"href":"https:\/\/missglobeinternational.org\/index.php\/wp-json\/wp\/v2\/media?parent=5722"}],"curies":[{"name":"wp","href":"https:\/\/api.w.org\/{rel}","templated":true}]}}